{"id":6,"date":"2023-03-27T15:48:18","date_gmt":"2023-03-27T13:48:18","guid":{"rendered":"http:\/\/konkurs.wmn.poznan.pl\/?page_id=6"},"modified":"2023-09-27T16:09:11","modified_gmt":"2023-09-27T14:09:11","slug":"konkurs-na-koncepcje-wystawy-stalej-nowego-muzeum-powstania-wielkopolskiego-1918-1919-w-poznaniu","status":"publish","type":"page","link":"https:\/\/konkurs.wmn.poznan.pl\/","title":{"rendered":""},"content":{"rendered":"\n<figure class=\"wp-block-image alignright is-resized\"><a href=\"https:\/\/konkurs.wmn.poznan.pl\/?page_id=39\" rel=\"https:\/\/konkurs.wmn.poznan.pl\/?page_id=39\"><img loading=\"lazy\" decoding=\"async\" src=\"https:\/\/upload.wikimedia.org\/wikipedia\/commons\/thumb\/a\/a5\/Flag_of_the_United_Kingdom_%281-2%29.svg\/240px-Flag_of_the_United_Kingdom_%281-2%29.svg.png\" alt=\"Flaga Wielkiej Brytanii\" style=\"width:60px;height:30px\" width=\"60\" height=\"30\" title=\"\"\/><\/a><\/figure>\n\n\n\n<figure class=\"wp-block-image alignwide size-full has-custom-border is-style-default\"><img loading=\"lazy\" decoding=\"async\" width=\"2475\" height=\"858\" src=\"https:\/\/konkurs.wmn.poznan.pl\/wp-content\/uploads\/2023\/03\/Obraz1.jpg\" alt=\"\" class=\"wp-image-18\" style=\"border-radius:3px\" srcset=\"https:\/\/konkurs.wmn.poznan.pl\/wp-content\/uploads\/2023\/03\/Obraz1.jpg 2475w, https:\/\/konkurs.wmn.poznan.pl\/wp-content\/uploads\/2023\/03\/Obraz1-300x104.jpg 300w, https:\/\/konkurs.wmn.poznan.pl\/wp-content\/uploads\/2023\/03\/Obraz1-1024x355.jpg 1024w, https:\/\/konkurs.wmn.poznan.pl\/wp-content\/uploads\/2023\/03\/Obraz1-768x266.jpg 768w, https:\/\/konkurs.wmn.poznan.pl\/wp-content\/uploads\/2023\/03\/Obraz1-1536x532.jpg 1536w, https:\/\/konkurs.wmn.poznan.pl\/wp-content\/uploads\/2023\/03\/Obraz1-2048x710.jpg 2048w\" sizes=\"auto, (max-width: 2475px) 100vw, 2475px\" \/><\/figure>\n\n\n\n<div class=\"wp-block-group alignfull has-text-color has-background is-layout-flow wp-block-group-is-layout-flow\" style=\"color:#000000;background-color:#ffffff\">\n<p><\/p>\n\n\n\n<p><\/p>\n\n\n\n<p><\/p>\n\n\n\n<p class=\"has-text-align-center\" style=\"font-size:clamp(1.93rem, 1.93rem + ((1vw - 0.2rem) * 2.673), 3.4rem);text-transform:uppercase\"><strong>Konkurs na koncepcj\u0119 plastyczno-przestrzenn\u0105 <\/strong><\/p>\n\n\n\n<p class=\"has-text-align-center\" style=\"font-size:clamp(1.93rem, 1.93rem + ((1vw - 0.2rem) * 2.673), 3.4rem);text-transform:uppercase\"><strong>wystawy sta\u0142ej <strong>NOWEGO <\/strong><\/strong><\/p>\n\n\n\n<p class=\"has-text-align-center\" style=\"font-size:clamp(1.93rem, 1.93rem + ((1vw - 0.2rem) * 2.673), 3.4rem);text-transform:uppercase\"><strong><strong>MUZEUM POWSTANIA WIELKOPOLSKIEGO <\/strong><\/strong><\/p>\n\n\n\n<p class=\"has-text-align-center\" style=\"font-size:clamp(1.93rem, 1.93rem + ((1vw - 0.2rem) * 2.673), 3.4rem);text-transform:uppercase\"><strong><strong>1918 \u2013 1919 W POZNANIU<\/strong> <\/strong><\/p>\n\n\n\n<p><\/p>\n\n\n\n<figure class=\"wp-block-image aligncenter size-large has-custom-border is-style-default\"><img loading=\"lazy\" decoding=\"async\" width=\"1024\" height=\"448\" src=\"https:\/\/konkurs.wmn.poznan.pl\/wp-content\/uploads\/2023\/03\/PARK-1024x448.jpg\" alt=\"\" class=\"wp-image-27\" style=\"border-width:3px;border-radius:3px\" srcset=\"https:\/\/konkurs.wmn.poznan.pl\/wp-content\/uploads\/2023\/03\/PARK-1024x448.jpg 1024w, https:\/\/konkurs.wmn.poznan.pl\/wp-content\/uploads\/2023\/03\/PARK-300x131.jpg 300w, https:\/\/konkurs.wmn.poznan.pl\/wp-content\/uploads\/2023\/03\/PARK-768x336.jpg 768w, https:\/\/konkurs.wmn.poznan.pl\/wp-content\/uploads\/2023\/03\/PARK-1536x672.jpg 1536w, https:\/\/konkurs.wmn.poznan.pl\/wp-content\/uploads\/2023\/03\/PARK-2048x896.jpg 2048w\" sizes=\"auto, (max-width: 1024px) 100vw, 1024px\" \/><\/figure>\n\n\n\n<p><\/p>\n<\/div>\n\n\n\n<p>Data publikacji: 31.03.2023 r.<\/p>\n\n\n\n<p class=\"has-text-align-left\" style=\"font-style:normal;font-weight:200\">Wielkopolskie Muzeum Niepodleg\u0142o\u015bci z siedzib\u0105 przy ul. Wo\u017anej 12, 61-777 w Poznaniu zaprasza do udzia\u0142u w konkursie na opracowanie koncepcji plastyczno-przestrzennej wystawy sta\u0142ej Muzeum Powstania Wielkopolskiego 1918-1919 w Poznaniu. Zainteresowane podmioty proszone s\u0105 o przes\u0142anie wniosk\u00f3w o dopuszczenie do udzia\u0142u w konkursie do dnia&nbsp;<strong>12 maja 2023 r<\/strong>. Termin sk\u0142adania prac konkursowych mija&nbsp;<strong>25 sierpnia 2023 r.<\/strong><\/p>\n\n\n\n<p style=\"font-style:italic;font-weight:200\"><strong>I nagroda g\u0142\u00f3wna wynosi 50.000 PLN<\/strong>. \u0141\u0105czna pula nagr\u00f3d to 108.000 PLN. Z Uczestnikiem Konkursu, kt\u00f3rego praca konkursowa zosta\u0142a wybrana jako najlepsza, Zamawiaj\u0105cy przeprowadzi negocjacje w sprawie ew. udzielenia w trybie z wolnej r\u0119ki zam\u00f3wienia na us\u0142ug\u0119 polegaj\u0105c\u0105 na opracowaniu pe\u0142nej dokumentacji projektowej wystawy. <strong>Maksymalne wynagrodzenie<\/strong> <strong>zwyci\u0119skiego Uczestnika Konkursu na wykonanie przedmiotu zam\u00f3wienia to 4.000.000 PLN<\/strong><\/p>\n\n\n\n<p style=\"font-style:italic;font-weight:100\">Motywem przewodnim ekspozycji nowego Muzeum Powstania Wielkopolskiego 1918-1919 w Poznaniu jest has\u0142o:&nbsp;<\/p>\n\n\n\n<p class=\"has-vivid-red-color has-text-color\" style=\"font-style:italic;font-weight:200\"><strong>\u201eNa co dzie\u0144 praca, w chwilach pr\u00f3by zwyci\u0119stwo\u201d.&nbsp;<\/strong><\/p>\n\n\n\n<p style=\"font-style:italic;font-weight:200\">Celem konkursu jest wybranie spo\u015br\u00f3d zg\u0142oszonych prac koncepcji, kt\u00f3ra w spos\u00f3b najbardziej kompletny odpowiada za\u0142o\u017ceniom merytorycznym, narracyjnym, estetycznym, artystycznym, programowym, funkcjonalnym i u\u017cytkowym Organizatora. Wystawa sta\u0142a mie\u015bci\u0107 si\u0119 b\u0119dzie w nowym gmachu instytucji, kt\u00f3ry zostanie wybudowany w historycznym s\u0105siedztwie Wzg\u00f3rza \u015bw. Wojciecha i Cmentarza Zas\u0142u\u017conych Wielkopolan w Poznaniu. Ekspozycja sta\u0142a mie\u015bci\u0107 si\u0119 b\u0119dzie na poziomie -2.<\/p>\n\n\n\n<p><strong>W ramach konkursu Uczestnicy przygotowuj\u0105 cztery zadania:<\/strong><\/p>\n\n\n\n<ul class=\"wp-block-list\" type=\"a\">\n<li>Og\u00f3lna koncepcja plastyczno-przestrzenna<\/li>\n\n\n\n<li>Szczeg\u00f3\u0142owa koncepcja plastyczno-przestrzenna dw\u00f3ch wskazanych w\u0105tk\u00f3w<\/li>\n\n\n\n<li>Koncepcja plastyczno-przestrzenna przestrzeni centralnej<\/li>\n\n\n\n<li>Rozwi\u0105zania ekspozycyjne dla dw\u00f3ch wskazanych wydarze\u0144 historycznych<\/li>\n<\/ul>\n\n\n\n<p>Do przeprowadzenia Konkursu powo\u0142any zosta\u0142 S\u0105d Konkursowy w sk\u0142adzie:&nbsp;<\/p>\n\n\n\n<p><strong>Przewodnicz\u0105cy S\u0105du<\/strong>:&nbsp;<\/p>\n\n\n\n<p>Robert Supe\u0142 \u2013 Przewodnicz\u0105cy S\u0105du Konkursowego&nbsp;<\/p>\n\n\n\n<p><strong>Wiceprzewodnicz\u0105cy S\u0105du<\/strong>:&nbsp;<\/p>\n\n\n\n<p>Sebastian Tyrakowski \u2013 zast\u0119pca dyrektora Muzeum Emigracji w Gdyni&nbsp;<\/p>\n\n\n\n<p><strong>S\u0119dziowie Referenci:<\/strong>&nbsp;<\/p>\n\n\n\n<p>dr hab. Rafa\u0142 G\u00f3rczy\u0144ski &#8211; profesor Uniwersytetu Artystycznego w Poznaniu<\/p>\n\n\n\n<p>Agnieszka Kuchci\u0144ska-Kurcz \u2013 Kierownik Oddzia\u0142u Centrum Dialogu Prze\u0142omy \/ Muzeum Narodowe w Szczecinie<\/p>\n\n\n\n<p>architekt Szczepan Wro\u0144ski \u2013 WXCA (projektant budynku Nowego Muzeum)&nbsp;<\/p>\n\n\n\n<p>dr Piotr Grzelczak \u2013 wsp\u00f3\u0142autor scenariusza wystawy, Oddzia\u0142owe Biuro Bada\u0144 Historycznych IPN w Poznaniu, \u201eKronika Miasta Poznania<\/p>\n\n\n\n<p><strong>Cz\u0142onkowie:<\/strong>&nbsp;<\/p>\n\n\n\n<p>dr hab. Andrzej Betlej, prof. UJ \u2013 Dyrektor Zamku Kr\u00f3lewskiego na Wawelu<\/p>\n\n\n\n<p>Tomasz \u0141\u0119cki \u2013 Dyrektor Muzeum Narodowego w Poznaniu<\/p>\n\n\n\n<p>dr Justyna Makowska \u2013 Dyrektor Wydzia\u0142u Kultury Urz\u0119du Miasta Poznani<\/p>\n\n\n\n<p>W\u0142odzimierz Mazurkiewicz \u2013 Dyrektor Departamentu Kultury Urz\u0119du Marsza\u0142kowskiego Wojew\u00f3dztwa Wielkopolskiego<\/p>\n\n\n\n<p>Przemys\u0142aw Terlecki \u2013 Dyrektor Wielkopolskiego Muzeum Niepodleg\u0142o\u015bci<\/p>\n\n\n\n<p><strong>Sekretarz Organizacyjna Konkursu<\/strong>, pe\u0142ni\u0105ca obowi\u0105zki Sekretarza S\u0105du Konkursowego: Katarzyna Andrzejewska \u2013 bez prawa g\u0142osu.&nbsp;<\/p>\n\n\n\n<div class=\"wp-block-columns is-layout-flex wp-container-core-columns-is-layout-28f84493 wp-block-columns-is-layout-flex\">\n<div class=\"wp-block-column is-layout-flow wp-block-column-is-layout-flow\">\n<p><strong>Szczeg\u00f3\u0142owy harmonogram konkursu:<\/strong><\/p>\n<\/div>\n<\/div>\n\n\n\n<figure class=\"wp-block-table\"><table><tbody><tr><td><strong>Czynno\u015bci&nbsp;<\/strong><\/td><td><strong>Do dnia<\/strong><\/td><\/tr><tr><td>Og\u0142oszenie Konkursu.<\/td><td>31.03.2023 r.<\/td><\/tr><tr><td>Ostateczny termin sk\u0142adania <strong>wszelkich<\/strong> wniosk\u00f3w o wyja\u015bnienie tre\u015bci Regulaminu.<\/td><td>08.05.2023 r.<\/td><\/tr><tr><td>Ostateczny termin udzielania wyja\u015bnie\u0144 tre\u015bci Regulaminu.<\/td><td>10.05.2023 r.<\/td><\/tr><tr><td>Ostateczny termin sk\u0142adania wniosk\u00f3w o dopuszczenie do udzia\u0142u w Konkursie.<\/td><td>12.05.2023 r. do godz 23:59<\/td><\/tr><tr><td>Poinformowanie o zakwalifikowaniu do dalszego udzia\u0142u w\u202fKonkursie.<\/td><td>26.05.2023 r.<\/td><\/tr><tr><td>Ostateczny termin sk\u0142adania pracy konkursowej.<\/td><td>25.08.2023 r. do godz 15:00<\/td><\/tr><tr><td>Prace s\u0105du konkursowego nad ocen\u0105 prac konkursowych.<\/td><td>28.08.2023 \u2013 15.09.2023 r.<\/td><\/tr><tr><td>Og\u0142oszenie wynik\u00f3w Konkursu,<br>dyskusja i otwarcie wystawy prac konkursowych.<\/td><td>15.09.2023 r.<\/td><\/tr><tr><td>Planowany (maksymalny) termin zaproszenia autora zwyci\u0119skiej pracy konkursowej do negocjacji w trybie zam\u00f3wienia z wolnej r\u0119ki na realizacj\u0119 us\u0142ugi wskazanej w pkt 3.7 Regulaminu.<\/td><td>25.10.2023 r.<\/td><\/tr><tr><td>Orientacyjny termin realizacji us\u0142ugi wskazanej w pkt 3.7 Regulaminu przez autora zwyci\u0119skiej pracy konkursowej.<\/td><td>10.12.2024 r.<\/td><\/tr><tr><td>Orientacyjny termin realizacji us\u0142ugi nadzoru autorskiego wskazanej w pkt 3.7 Regulaminu przez autora zwyci\u0119skiej pracy konkursowej.<\/td><td>31.10.2030 r.<\/td><\/tr><\/tbody><\/table><\/figure>\n\n\n\n<p class=\"has-text-align-center has-large-font-size\" style=\"font-style:normal;font-weight:600;text-transform:uppercase\"><strong>INFORMACJA O ROZSTRZYGNI\u0118CIU KONKURSU<\/strong><\/p>\n\n\n\n<center><p><a href=\"https:\/\/konkurs.wmn.poznan.pl\/wp-content\/uploads\/2023\/09\/Informacja-o-rozstrzygnieciu-konkursu.pdf\">INFORMACJA O ROZSTRZYGNI\u0118CIU KONKURSU<\/a><\/center><center><\/p><p>\n\n\n\n<p class=\"has-text-align-center has-large-font-size\" style=\"font-style:normal;font-weight:600;text-transform:uppercase\"><strong>Odpowiedzi na pytania:<\/strong><\/p>\n\n\n\n<center><p><a href=\"https:\/\/konkurs.wmn.poznan.pl\/wp-content\/uploads\/2023\/04\/Odpowiedzi_na_pytania_27.04.2023.pdf\">Odpowiedzi na pytania nr 1 i nr 2 z 27.04.2023<\/a><\/p>\n<a href=\"https:\/\/konkurs.wmn.poznan.pl\/wp-content\/uploads\/2023\/05\/Odpowiedz-na-pytanie-nr-3-z-5.05.pdf\">Odpowiedzi na pytania nr 3 z 05.05.2023<\/a><\/center>\n\n<center><p><a href=\"https:\/\/konkurs.wmn.poznan.pl\/wp-content\/uploads\/2023\/05\/Odpowiedzi-na-pytania-4-41-z-dnia-18.05.2023.pdf\">Odpowiedzi na pytania 4-41 z dnia 18.05.2023<\/a><\/p>\n<a href=\"https:\/\/konkurs.wmn.poznan.pl\/wp-content\/uploads\/2023\/05\/Zalacznik_do_odpowiedzi_na_pytania_z_18.05.2023.pdf\">Za\u0142\u0105cznik do odpowiedzi na pytania z 18.05.2023<\/a><\/center><center><\/p><p>\n\n<a href=\"https:\/\/konkurs.wmn.poznan.pl\/wp-content\/uploads\/2023\/07\/Image210723142745.pdf\">Odpowiedzi na pytania z 21.07.2023<\/a><\/p>\n<\/center><\/p><p>\n\n<center><p><a href=\"https:\/\/konkurs.wmn.poznan.pl\/wp-content\/uploads\/2023\/08\/Odpowiedz-na-pytanie-1-z-9.08.2023-1.pdf\">Odpowiedzi na pytania z 9.08.2023<\/a><\/center><center><\/p><p>\n\n<center><p><a href=\"https:\/\/konkurs.wmn.poznan.pl\/wp-content\/uploads\/2023\/08\/Odpowiedzi-na-pytania-z-11.08.2023.pdf\">Odpowiedzi na pytania z 11.08.2023<\/a><\/center><center><\/p><p>\n\n<center><p><a href=\"https:\/\/konkurs.wmn.poznan.pl\/wp-content\/uploads\/2023\/08\/Odpowiedzi-na-pytania-z-21.08.2023.pdf\">Odpowiedzi na pytania z 21.08.2023<\/a><\/center><center><\/p><p>\n\n<center><p><a href=\"https:\/\/konkurs.wmn.poznan.pl\/wp-content\/uploads\/2023\/08\/Odpowiedzi-na-pytania-z-24.08.pdf\">Odpowiedzi na pytania z 24.08.2023<\/a><\/center><center><\/p><p>\n\n\n\n<p><\/p>\n\n\n\n<p class=\"has-text-align-center has-large-font-size\"><strong>ZMIANY:<\/strong><\/p>\n\n\n\n<center><p><a href=\"https:\/\/konkurs.wmn.poznan.pl\/wp-content\/uploads\/2023\/04\/oswiadczenie_zamawiajacego_18.04.2023-1.pdf\">O\u015aWIADCZENIE<\/a><p><\/center>\n<center><p><a href=\"https:\/\/konkurs.wmn.poznan.pl\/wp-content\/uploads\/2023\/05\/Oswiadczenie_z_dnia_10.05.2023.pdf\">O\u015aWIADCZENIE 10.05.2023<\/a><p><\/center>\n\n<center><p><a href=\"https:\/\/konkurs.wmn.poznan.pl\/wp-content\/uploads\/2023\/05\/Oswiadczenie-zamawiajacego-_12.05.2023.pdf\">O\u015aWIADCZENIE Z 12.05.2023<\/a><p><\/center>\n<center><p><a href=\"https:\/\/konkurs.wmn.poznan.pl\/wp-content\/uploads\/2023\/05\/Zalacznik_do_oswiadczenia_z_12.05.2023.pdf\">ZA\u0141\u0104CZNIK DO O\u015aWIADCZENIA Z 12.05.2023<\/a><p><\/center>\n\n<center><p><a href=\"https:\/\/konkurs.wmn.poznan.pl\/wp-content\/uploads\/2023\/05\/Informacja-w-sprawie-ujednolicenia-tresci-dokumentow-z-19.05.2023.pdf\">INFORMACJA W SPRAWIE UJEDNOLICENIA TRE\u015aCI DOKUMENT\u00d3W Z 19.05.2023<\/a><\/p><\/center>\n\n<center><p><a href=\"https:\/\/konkurs.wmn.poznan.pl\/wp-content\/uploads\/2023\/05\/Oswiadczenie_z_dnia_10.05.2023.pdf\">O\u015aWIADCZENIE 10.05.2023<\/a><p><\/center>\n\n\n\n<p class=\"has-text-align-center has-large-font-size\"><strong>ODWO\u0141ANIA:<\/strong><\/p>\n\n\n\n<center><p><a href=\"https:\/\/konkurs.wmn.poznan.pl\/wp-content\/uploads\/2023\/09\/zrzut-ekranu_identyfikacja-plikow.pdf\">Zrzut ekranu_identyfikacja plik\u00f3w<\/a><p><\/center>\n\n<center><p><a href=\"https:\/\/konkurs.wmn.poznan.pl\/wp-content\/uploads\/2023\/09\/Zawiadomienie-o-wplynieciu-odwolania-27.09.2023.T_podpis.pdf\">Zawiadomienie o wp\u0142yni\u0119ciu odwo\u0142ania 27.09.2023.T_podpis<\/a><p><\/center>\n\n<center><p><a href=\"https:\/\/konkurs.wmn.poznan.pl\/wp-content\/uploads\/2023\/09\/uzasadnienie_zarzuty_zadania.pdf\">Uzasadnienie_zarzuty_\u017c\u0105dania<\/a><p><\/center>\n\n<center><p><a href=\"https:\/\/konkurs.wmn.poznan.pl\/wp-content\/uploads\/2023\/09\/Potwierdzenie.pdf\">Potwierdzenie<\/a><p><\/center>\n\n<center><p><a href=\"https:\/\/konkurs.wmn.poznan.pl\/wp-content\/uploads\/2023\/09\/odpis_aktualny_122565_1681218623841.pdf\">Odpis_aktualny_122565_1681218623841<\/a><p><\/center>\n\n<center><p><a href=\"https:\/\/konkurs.wmn.poznan.pl\/wp-content\/uploads\/2023\/09\/kopia-odwolania-EPUAP.pdf\">Kopia odwo\u0142ania EPUAP<\/a><p><\/center>\n\n\n\n\n\n\n\n\n\n\n<p class=\"has-text-align-center has-large-font-size\"><strong>ZA\u0141\u0104CZNIKI:<\/strong><\/p>\n\n\n\n\n\n<p><a href=\"https:\/\/konkurs.wmn.poznan.pl\/wp-content\/uploads\/2023\/04\/REGULAMIN-KONKURSU_MPW.pdf\">Regulamin<\/a><\/p><br><p><a href=\"https:\/\/konkurs.wmn.poznan.pl\/wp-content\/uploads\/2023\/04\/Zalacznik-A.1-WNIOSEK-O-DOPUSZCZENIE-DO-UDZIALU-W-KONKURSIE-1.docx\">ZA\u0141\u0104CZNIK A.1  WNIOSEK O DOPUSZCZENIE DO UDZIA\u0141U W KONKURSIE. <\/a><\/p><br><p><a href=\"https:\/\/konkurs.wmn.poznan.pl\/wp-content\/uploads\/2023\/04\/Zalacznik-A.1-WNIOSEK-O-DOPUSZCZENIE-DO-UDZIALU-W-KONKURSIE.pdf\">ZA\u0141\u0104CZNIK A.1  WNIOSEK O DOPUSZCZENIE DO UDZIA\u0141U W KONKURSIE (PDF) <\/a><\/p><br><p><a href=\"https:\/\/konkurs.wmn.poznan.pl\/wp-content\/uploads\/2023\/04\/Zalacznik-A.2-OSWIADCZENIE-O-UDOSTEPNIENIU-ZASOBOW.docx\">ZA\u0141\u0104CZNIK A.2  O\u015aWIADCZENIE O UDOST\u0118PNIENIU ZASOB\u00d3W.<\/a><\/p><br><p><a href=\"https:\/\/konkurs.wmn.poznan.pl\/wp-content\/uploads\/2023\/04\/Zalacznik-A.2-OSWIADCZENIE-O-UDOSTEPNIENIU-ZASOBOW.pdf\">ZA\u0141\u0104CZNIK A.2  O\u015aWIADCZENIE O UDOST\u0118PNIENIU ZASOB\u00d3W (PDF)<\/a><\/p><br><p><a href=\"https:\/\/konkurs.wmn.poznan.pl\/wp-content\/uploads\/2023\/04\/Zalacznik-A.3-KARTA-IDENTYFIKACYJNA-ZLOZONEJ-PRACY-KONKURSOWEJ.docx\">ZA\u0141\u0104CZNIK A.3  KARTA IDENTYFIKACYJNA Z\u0141O\u017bONEJ PRACY KONKURSOWEJ.<\/a><\/p><br><p><a href=\"https:\/\/konkurs.wmn.poznan.pl\/wp-content\/uploads\/2023\/04\/Zalacznik-A.3-KARTA-IDENTYFIKACYJNA-ZLOZONEJ-PRACY-KONKURSOWEJ.pdf\">ZA\u0141\u0104CZNIK A.3  KARTA IDENTYFIKACYJNA Z\u0141O\u017bONEJ PRACY KONKURSOWEJ (PDF)<\/a><\/p><\/p><br><p><a href=\"https:\/\/konkurs.wmn.poznan.pl\/wp-content\/uploads\/2023\/04\/Zalacznik-A.4-POKWITOWANIE-ODBIORU-PRACY-KONKURSOWEJ.docx\">ZA\u0141\u0104CZNIK A.4  POKWITOWANIE ODBIORU PRACY KONKURSOWEJ.<\/a><\/p><\/p><br><p><a href=\"https:\/\/konkurs.wmn.poznan.pl\/wp-content\/uploads\/2023\/04\/Zalacznik-A.4-POKWITOWANIE-ODBIORU-PRACY-KONKURSOWEJ.pdf\">ZA\u0141\u0104CZNIK A.4  POKWITOWANIE ODBIORU PRACY KONKURSOWEJ (PDF)<\/a><\/p><\/p><br><p><a href=\"https:\/\/konkurs.wmn.poznan.pl\/wp-content\/uploads\/2023\/04\/Zalacznik-A.5-UMOWA-LICENCYJNA-NA-KORZYSTANIE-Z-PRACY-KONKURSOWEJ.docx \">ZA\u0141\u0104CZNIK A.5  UMOWA LICENCYJNA NA KORZYSTANIE Z PRACY KONKURSOWEJ.<\/a><\/p><\/p><br><p><a href=\"https:\/\/konkurs.wmn.poznan.pl\/wp-content\/uploads\/2023\/04\/Zalacznik-A.5-UMOWA-LICENCYJNA-NA-KORZYSTANIE-Z-PRACY-KONKURSOWEJ.pdf\">ZA\u0141\u0104CZNIK A.5  UMOWA LICENCYJNA NA KORZYSTANIE Z PRACY KONKURSOWEJ (PDF)<\/a><\/p>\n<\/p><br><p><a href=\"https:\/\/konkurs.wmn.poznan.pl\/wp-content\/uploads\/2023\/04\/Zalacznik-A.5A-OSWIADCZENIE-WSPOLTWORCY-POTWIERDZAJACE-PRZENIESIENIE-PRAW-DO-PRACY-KONKURSOWEJ.docx\">ZA\u0141\u0104CZNIK A.5A O\u015aWIADCZENIE WSP\u00d3\u0141TW\u00d3RCY POTWIERDZAJ\u0104CE PRZENIESIENIE PRAW DO PRACY KONKURSOWEJ. <\/a><\/p>\n<\/p>\n<br><p><a href=\"https:\/\/konkurs.wmn.poznan.pl\/wp-content\/uploads\/2023\/04\/Zalacznik-A.5A-OSWIADCZENIE-WSPOLTWORCY-POTWIERDZAJACE-PRZENIESIENIE-PRAW-DO-PRACY-KONKURSOWEJ.pdf\">ZA\u0141\u0104CZNIK A.5A O\u015aWIADCZENIE WSP\u00d3\u0141TW\u00d3RCY POTWIERDZAJ\u0104CE PRZENIESIENIE PRAW DO PRACY KONKURSOWEJ. (PDF)<\/a><\/p>\n\n<\/p><br><p><a href=\"https:\/\/konkurs.wmn.poznan.pl\/wp-content\/uploads\/2023\/04\/Zalacznik-A.5B-UMOWA-O-PRZENIESIENIU-AUTORSKICH-PRAW-MAJATKOWYCH-DO-PRACY-KONKURSOWEJ.docx\">ZA\u0141\u0104CZNIK A.5B UMOWA O PRZENIESIENIU AUTORSKICH PRAW MAJ\u0104TKOWYCH DO PRACY KONKURSOWEJ.<\/a><\/p>\n<\/p><br><p><a href=\"https:\/\/konkurs.wmn.poznan.pl\/wp-content\/uploads\/2023\/04\/Zalacznik-A.5B-UMOWA-O-PRZENIESIENIU-AUTORSKICH-PRAW-MAJATKOWYCH-DO-PRACY-KONKURSOWEJ.pdf\">ZA\u0141\u0104CZNIK A.5B UMOWA O PRZENIESIENIU AUTORSKICH PRAW MAJ\u0104TKOWYCH DO PRACY KONKURSOWEJ (PDF)<\/a><\/p>\n\n<\/p><br><p><a href=\"https:\/\/konkurs.wmn.poznan.pl\/wp-content\/uploads\/2023\/04\/Zalacznik-A.6-UMOWA-NA-PRACE-PROJEKTOWE-1-1.pdf\">ZA\u0141\u0104CZNIK A.6  UMOWA NA PRACE PROJEKTOWE.<\/a><\/p>\n<\/p><br><p><a href=\"https:\/\/konkurs.wmn.poznan.pl\/wp-content\/uploads\/2023\/04\/Zalacznik-A.6-UMOWA-NA-PRACE-PROJEKTOWE-1-1.pdf\">ZA\u0141\u0104CZNIK A.6  UMOWA NA PRACE PROJEKTOWE (PDF)<\/a><\/p>\n\n<\/p><br><p><a href=\"https:\/\/konkurs.wmn.poznan.pl\/wp-content\/uploads\/2023\/05\/Zalacznik-A.6-UMOWA-NA-PRACE-PROJEKTOWE-ujednolicony-z-dnia-19.05.2023.docx\">ZA\u0141\u0104CZNIK A.6 UMOWA NA PRACE PROJEKTOWE (ujednolicony) z dnia 19.05.2023<\/a><\/p>\n<\/p><br><p><a href=\"https:\/\/konkurs.wmn.poznan.pl\/wp-content\/uploads\/2023\/05\/Zalacznik-A.6-UMOWA-NA-PRACE-PROJEKTOWE-ujednolicony-z-dnia-19.05.2023.pdf\">ZA\u0141\u0104CZNIK A.6 UMOWA NA PRACE PROJEKTOWE (ujednolicony) z dnia 19.05.2023 (PDF)<\/a><\/p>\n\n\n\n\n\n\n<\/p><br><p><a href=\"https:\/\/konkurs.wmn.poznan.pl\/wp-content\/uploads\/2023\/04\/Zalacznik-A.7-WSTEPNA-KALKULACJA-KOSZTOW-WYKONANIA-PRAC-REALIZOWANYCH-NA-PODSTAWIE-PRACY-KONKURSOWEJ.docx\">ZA\u0141\u0104CZNIK A.7  WST\u0118PNA KALKULACJA KOSZT\u00d3W WYKONANIA PRAC, REALIZOWANYCH NA PODSTAWIE PRACY KONKURSOWEJ<\/a><\/p>\n<\/p><br><p><a href=\"https:\/\/konkurs.wmn.poznan.pl\/wp-content\/uploads\/2023\/04\/Zalacznik-A.7-WSTEPNA-KALKULACJA-KOSZTOW-WYKONANIA-PRAC-REALIZOWANYCH-NA-PODSTAWIE-PRACY-KONKURSOWEJ.pdf\">ZA\u0141\u0104CZNIK A.7  WST\u0118PNA KALKULACJA KOSZT\u00d3W WYKONANIA PRAC, REALIZOWANYCH NA PODSTAWIE PRACY KONKURSOWEJ (PDF)<\/a><\/p>\n<\/p><br><p><a href=\"https:\/\/konkurs.wmn.poznan.pl\/wp-content\/uploads\/2023\/04\/Zalacznik-B.2-SCENARIUSZ-WYSTAWY-STALEJ-1.pdf\">ZA\u0141\u0104CZNIK B.2 SCENARIUSZ WYSTAWY STA\u0141EJ (PDF)<\/a><\/p>\n\n<\/p><br><p><a href=\"https:\/\/konkurs.wmn.poznan.pl\/wp-content\/uploads\/2023\/05\/ZalacznikB3.zip\">ZA\u0141\u0104CZNIK B.3 WYKAZ EKSPONAT\u00d3W I MATERIA\u0141\u00d3W MERYTORYCZNYCH do wykorzystania na potrzeby konkursu.<\/a><\/p>\n<\/p><br><p><a href=\"https:\/\/konkurs.wmn.poznan.pl\/wp-content\/uploads\/B4.zip\">ZA\u0141\u0104CZNIK B.4  DOKUMENTACJA TECHNICZNA BUDYNKU MUZEUM POWSTANIA WIELKOPOLSKIEGO.<\/a><\/p>\n\n\n\n<figure class=\"wp-block-image size-full has-custom-border\"><img loading=\"lazy\" decoding=\"async\" width=\"2835\" height=\"474\" src=\"https:\/\/konkurs.wmn.poznan.pl\/wp-content\/uploads\/2023\/03\/logo_herb_poziom_iksww_kolor.png\" alt=\"\" class=\"wp-image-34\" style=\"border-style:none;border-width:0px;border-radius:3px\" srcset=\"https:\/\/konkurs.wmn.poznan.pl\/wp-content\/uploads\/2023\/03\/logo_herb_poziom_iksww_kolor.png 2835w, https:\/\/konkurs.wmn.poznan.pl\/wp-content\/uploads\/2023\/03\/logo_herb_poziom_iksww_kolor-300x50.png 300w, https:\/\/konkurs.wmn.poznan.pl\/wp-content\/uploads\/2023\/03\/logo_herb_poziom_iksww_kolor-1024x171.png 1024w, https:\/\/konkurs.wmn.poznan.pl\/wp-content\/uploads\/2023\/03\/logo_herb_poziom_iksww_kolor-768x128.png 768w, https:\/\/konkurs.wmn.poznan.pl\/wp-content\/uploads\/2023\/03\/logo_herb_poziom_iksww_kolor-1536x257.png 1536w, https:\/\/konkurs.wmn.poznan.pl\/wp-content\/uploads\/2023\/03\/logo_herb_poziom_iksww_kolor-2048x342.png 2048w\" sizes=\"auto, (max-width: 2835px) 100vw, 2835px\" \/><\/figure>\n","protected":false},"excerpt":{"rendered":"<p>Konkurs na koncepcj\u0119 plastyczno-przestrzenn\u0105 wystawy sta\u0142ej NOWEGO MUZEUM POWSTANIA WIELKOPOLSKIEGO 1918 \u2013 1919 W POZNANIU Data publikacji: 31.03.2023 r. Wielkopolskie Muzeum Niepodleg\u0142o\u015bci z siedzib\u0105 przy ul. Wo\u017anej 12, 61-777 w Poznaniu zaprasza do udzia\u0142u w konkursie na opracowanie koncepcji plastyczno-przestrzennej wystawy sta\u0142ej Muzeum Powstania Wielkopolskiego 1918-1919 w Poznaniu. Zainteresowane podmioty proszone s\u0105 o przes\u0142anie wniosk\u00f3w [&hellip;]<\/p>\n","protected":false},"author":1,"featured_media":0,"parent":0,"menu_order":0,"comment_status":"closed","ping_status":"closed","template":"","meta":{"footnotes":"","_links_to":"","_links_to_target":""},"class_list":["post-6","page","type-page","status-publish","hentry"],"_links":{"self":[{"href":"https:\/\/konkurs.wmn.poznan.pl\/index.php?rest_route=\/wp\/v2\/pages\/6","targetHints":{"allow":["GET"]}}],"collection":[{"href":"https:\/\/konkurs.wmn.poznan.pl\/index.php?rest_route=\/wp\/v2\/pages"}],"about":[{"href":"https:\/\/konkurs.wmn.poznan.pl\/index.php?rest_route=\/wp\/v2\/types\/page"}],"author":[{"embeddable":true,"href":"https:\/\/konkurs.wmn.poznan.pl\/index.php?rest_route=\/wp\/v2\/users\/1"}],"replies":[{"embeddable":true,"href":"https:\/\/konkurs.wmn.poznan.pl\/index.php?rest_route=%2Fwp%2Fv2%2Fcomments&post=6"}],"version-history":[{"count":117,"href":"https:\/\/konkurs.wmn.poznan.pl\/index.php?rest_route=\/wp\/v2\/pages\/6\/revisions"}],"predecessor-version":[{"id":317,"href":"https:\/\/konkurs.wmn.poznan.pl\/index.php?rest_route=\/wp\/v2\/pages\/6\/revisions\/317"}],"wp:attachment":[{"href":"https:\/\/konkurs.wmn.poznan.pl\/index.php?rest_route=%2Fwp%2Fv2%2Fmedia&parent=6"}],"curies":[{"name":"wp","href":"https:\/\/api.w.org\/{rel}","templated":true}]}}